{"id":8448,"date":"2020-01-23T10:32:58","date_gmt":"2020-01-23T09:32:58","guid":{"rendered":"https:\/\/www.verleih-frankfurt.de\/jobs\/"},"modified":"2024-06-19T11:41:51","modified_gmt":"2024-06-19T09:41:51","slug":"jobs","status":"publish","type":"page","link":"https:\/\/www.verleih-frankfurt.de\/en\/the-company\/jobs\/","title":{"rendered":"Jobs"},"content":{"rendered":"<div class=\"wpb-content-wrapper\"><p>[vc_row][vc_column][vc_column_text css=&#8221;.vc_custom_1669884452773{margin-left: 30px !important;}&#8221;]<strong>We are looking for you!<\/strong><\/p>\n<p><strong>If you would like to help with the planning, organization, implementation and follow-up of events, then you&#8217;ve come to the right place!<\/strong><\/p>\n<p><strong>We offer you the full program with varied tasks and always new projects and challenges.<\/strong><\/p>\n<p><strong>Become part of our young, dynamic team and apply now!<\/strong>[\/vc_column_text]<div class=\"ws-job-block\"><div class=\"ws-job-image-block\">\r\n                <img decoding=\"async\" src=\"https:\/\/www.verleih-frankfurt.de\/wp-content\/uploads\/2021\/08\/offer.jpg\"\r\n                     width=\"https:\/\/www.verleih-frankfurt.de\/wp-content\/uploads\/2021\/08\/offer.jpg\"\r\n                     height=\"https:\/\/www.verleih-frankfurt.de\/wp-content\/uploads\/2021\/08\/offer.jpg\"\r\n                     alt=\"\" >\r\n            <\/div><div class=\"ws-job-text-block\"><div class=\"ws-job-text-wrap\"><div class=\"ws-position-title\">Eventlogistik (m\/w\/d) (Vollzeit, Teilzeit 520\u20ac-Basis, Ausbildung m\u00f6glich)<\/div><div class=\"ws-work-title\">Dein Aufgabengebiet:<\/div><div class=\"ws-job-content\">\n<ul>\n<li>Unterst\u00fctzung bei spannenden Events mit bis zu 2.000 Besuchern<\/li>\n<li>Ausliefern und Abholen von Event-Equipment<\/li>\n<li>Auf- und Abbauten von Veranstaltungen<\/li>\n<li>Kommissionierung und Lagerlogistik<\/li>\n<li>Warenkontrolle und Dokumentation<\/li>\n<\/ul>\n<\/div><a href=\"https:\/\/www.verleih-frankfurt.de\/kontakt\/\" class=\"button\"  >Kontakt<\/a><\/div><\/div><\/div><div class=\"ws-job-block\"><div class=\"ws-job-image-block\">\r\n                <img decoding=\"async\" src=\"https:\/\/www.verleih-frankfurt.de\/wp-content\/uploads\/2021\/08\/offer.jpg\"\r\n                     width=\"https:\/\/www.verleih-frankfurt.de\/wp-content\/uploads\/2021\/08\/offer.jpg\"\r\n                     height=\"https:\/\/www.verleih-frankfurt.de\/wp-content\/uploads\/2021\/08\/offer.jpg\"\r\n                     alt=\"\" >\r\n            <\/div><div class=\"ws-job-text-block\"><div class=\"ws-job-text-wrap\"><div class=\"ws-position-title\">Veranstaltungskauffrau\/- Kaufmann (Vollzeit und Ausbildung m\u00f6glich)<\/div><div class=\"ws-work-title\">Dein Aufgabengebiet:<\/div><div class=\"ws-job-content\">\n<ul>\n<li>Abwicklung von Auftr\u00e4gen vom ersten Angebot bis zur Schlussrechnung<\/li>\n<li>Logistikplanung<\/li>\n<li>Planung, Organisation, Durchf\u00fchrung und Nachbereitung von Veranstaltungen<\/li>\n<li>Kontakt und Verwaltung der externen Dienstleister\/ Lieferanten<\/li>\n<li>Projektleitung vor Ort<\/li>\n<\/ul>\n<\/div><a href=\"https:\/\/www.verleih-frankfurt.de\/kontakt\/\" class=\"button\"  >Kontakt<\/a><\/div><\/div><\/div><div class=\"ws-job-block\"><div class=\"ws-job-image-block\">\r\n                <img decoding=\"async\" src=\"https:\/\/www.verleih-frankfurt.de\/wp-content\/uploads\/2021\/08\/offer.jpg\"\r\n                     width=\"https:\/\/www.verleih-frankfurt.de\/wp-content\/uploads\/2021\/08\/offer.jpg\"\r\n                     height=\"https:\/\/www.verleih-frankfurt.de\/wp-content\/uploads\/2021\/08\/offer.jpg\"\r\n                     alt=\"\" >\r\n            <\/div><div class=\"ws-job-text-block\"><div class=\"ws-job-text-wrap\"><div class=\"ws-position-title\">Lagerlogistik (m\/w\/d) (Teilzeit und 520\u20ac Basis m\u00f6glich)<\/div><div class=\"ws-work-title\">Dein Aufgabengebiet:<\/div><div class=\"ws-job-content\">\n<ul>\n<li>Lagerverwaltung<\/li>\n<li>Reinigung des Mietmaterials<\/li>\n<li>Kontrolle und Dokumentation des Lagerbestandes<\/li>\n<li>Inventur<\/li>\n<li>Reparaturen, Wartungen<\/li>\n<\/ul>\n<\/div><a href=\"https:\/\/www.verleih-frankfurt.de\/kontakt\/\" class=\"button\"  >Kontakt<\/a><\/div><\/div><\/div><div class=\"ws-two-text-blocks\"><div class=\"ws-first-text\"><div class=\"ws-first-text-wrap\"><strong>Verleih.Frankfurt.de GmbH &amp; Co KG<\/strong> ist ein im Rhein-Main-Gebiet agierender Eventausstatter. Seit \u00fcber 10 Jahren setzen wir ganzheitliche Ausstattungskonzepte f\u00fcr Veranstaltungen jeglicher Art und Gr\u00f6\u00dfe um.<\/p>\n<p><strong>Unser Motto: Unser Kunde soll Gast und Gastgeber zugleich sein.<\/strong><\/div><\/div>                <div class=\"ws-second-text\">\r\n                    <div class=\"ws-second-text-wrap\">\r\n                    <\/p>\n<h3>Neugierig geworden?<\/h3>\n<p>Dann richte Deine aussagekr\u00e4ftige Bewerbung bitte per E-Mail mit Angabe\u00a0 Deiner Gehaltsvorstellung und Deines fr\u00fchestm\u00f6glichen Eintrittsdatums an:<\/p>\n<p><a href=\"mailto:bewerbung@verleih-frankfurt.de\">bewerbung@verleih-frankfurt.de<\/a><\/p>\n                    <\/div>\r\n                <\/div>\r\n            <\/div><\/div>[vc_row_inner disable_element=&#8221;yes&#8221;][vc_column_inner width=&#8221;1\/2&#8243;][vc_column_text el_class=&#8221;mb-4&#8243;]Verleih.Frankfurt.de GmbH &amp; Co KG is an event outfitter operating in the Rhine-Main region. We have been implementing holistic equipment concepts for events of all types and sizes for over 10 years. Our motto: Our customers should be guests and hosts at the same time.<\/p>\n<p>To actively support our team in Kronberg im Taunus, we are looking for the next possible date:[\/vc_column_text][\/vc_column_inner][vc_column_inner width=&#8221;1\/2&#8243;][vc_column_text]<strong>Event logistics (m\/f) in the Rhine-Main area<\/strong><\/p>\n<p><strong>Your area of responsibility:<\/strong><\/p>\n<ul>\n<li>Support for exciting events with up to 2,000 visitors<\/li>\n<li>Delivery and collection of event equipment\/rental material<\/li>\n<li>Set-up and dismantling of events<\/li>\n<li>Goods inspection \/ documentation<\/li>\n<\/ul>\n<p>[\/vc_column_text][\/vc_column_inner][\/vc_row_inner][vc_row_inner disable_element=&#8221;yes&#8221;][vc_column_inner][vc_separator][\/vc_column_inner][\/vc_row_inner][vc_row_inner disable_element=&#8221;yes&#8221;][vc_column_inner width=&#8221;1\/2&#8243;][vc_column_text el_class=&#8221;mb-4&#8243;]<strong>We offer you a<\/strong> flexible and varied role with exciting products and projects in a young, dynamic company with flat hierarchies. Become part of the Verleih-Frankfurt team and make an active contribution to our growth.[\/vc_column_text][\/vc_column_inner][vc_column_inner width=&#8221;1\/2&#8243;][vc_column_text]<\/p>\n<h5>Curious?<\/h5>\n<p>Then please send your detailed application by e-mail, stating your salary expectations and your earliest possible starting date, to: <strong><br \/>\n  <a href=\"mailto:bewerbung@verleih-frankfurt.de\">bewerbung@verleih-frankfurt.de<\/a><br \/>\n<\/strong>[\/vc_column_text][\/vc_column_inner][\/vc_row_inner][\/vc_column][\/vc_row]<\/p>\n<\/div>","protected":false},"excerpt":{"rendered":"<p>[vc_row][vc_column][vc_column_text css=&#8221;.vc_custom_1669884452773{margin-left: 30px !important;}&#8221;]We are looking for you! If you would like to help with the planning, organization, implementation and follow-up of events, then you&#8217;ve come to the right place! We offer you the full program with varied tasks and always new projects and challenges. Become part of our young, dynamic team and apply now![\/vc_column_text][vc_row_inner [&hellip;]<\/p>\n","protected":false},"author":1,"featured_media":0,"parent":8474,"menu_order":4,"comment_status":"closed","ping_status":"closed","template":"","meta":{"_acf_changed":false,"footnotes":""},"class_list":["post-8448","page","type-page","status-publish","hentry"],"acf":[],"yoast_head":"<!-- This site is optimized with the Yoast SEO plugin v27.4 - https:\/\/yoast.com\/product\/yoast-seo-wordpress\/ -->\n<title>Jobs I Are you looking for a new challenge?<\/title>\n<meta name=\"description\" content=\"Are you looking for a job in the Rhine-Main area? As an event rental and agency, we are a very versatile employer and are always on the lookout for new talent.\" \/>\n<meta name=\"robots\" content=\"index, follow, max-snippet:-1, max-image-preview:large, max-video-preview:-1\" \/>\n<link rel=\"canonical\" href=\"https:\/\/www.verleih-frankfurt.de\/en\/the-company\/jobs\/\" \/>\n<meta property=\"og:locale\" content=\"en_US\" \/>\n<meta property=\"og:type\" content=\"article\" \/>\n<meta property=\"og:title\" content=\"Jobs I Are you looking for a new challenge?\" \/>\n<meta property=\"og:description\" content=\"Are you looking for a job in the Rhine-Main area? As an event rental and agency, we are a very versatile employer and are always on the lookout for new talent.\" \/>\n<meta property=\"og:url\" content=\"https:\/\/www.verleih-frankfurt.de\/en\/the-company\/jobs\/\" \/>\n<meta property=\"og:site_name\" content=\"Eventverleih Frankfurt\" \/>\n<meta property=\"article:publisher\" content=\"https:\/\/www.facebook.com\/verleihfrankfurt\" \/>\n<meta property=\"article:modified_time\" content=\"2024-06-19T09:41:51+00:00\" \/>\n<meta name=\"twitter:card\" content=\"summary_large_image\" \/>\n<meta name=\"twitter:label1\" content=\"Est. reading time\" \/>\n\t<meta name=\"twitter:data1\" content=\"3 minutes\" \/>\n<script type=\"application\/ld+json\" class=\"yoast-schema-graph\">{\"@context\":\"https:\\\/\\\/schema.org\",\"@graph\":[{\"@type\":\"WebPage\",\"@id\":\"https:\\\/\\\/www.verleih-frankfurt.de\\\/en\\\/the-company\\\/jobs\\\/\",\"url\":\"https:\\\/\\\/www.verleih-frankfurt.de\\\/en\\\/the-company\\\/jobs\\\/\",\"name\":\"Jobs I Are you looking for a new challenge?\",\"isPartOf\":{\"@id\":\"https:\\\/\\\/www.verleih-frankfurt.de\\\/en\\\/#website\"},\"datePublished\":\"2020-01-23T09:32:58+00:00\",\"dateModified\":\"2024-06-19T09:41:51+00:00\",\"description\":\"Are you looking for a job in the Rhine-Main area? As an event rental and agency, we are a very versatile employer and are always on the lookout for new talent.\",\"breadcrumb\":{\"@id\":\"https:\\\/\\\/www.verleih-frankfurt.de\\\/en\\\/the-company\\\/jobs\\\/#breadcrumb\"},\"inLanguage\":\"en-US\",\"potentialAction\":[{\"@type\":\"ReadAction\",\"target\":[\"https:\\\/\\\/www.verleih-frankfurt.de\\\/en\\\/the-company\\\/jobs\\\/\"]}]},{\"@type\":\"BreadcrumbList\",\"@id\":\"https:\\\/\\\/www.verleih-frankfurt.de\\\/en\\\/the-company\\\/jobs\\\/#breadcrumb\",\"itemListElement\":[{\"@type\":\"ListItem\",\"position\":1,\"name\":\"Startseite\",\"item\":\"https:\\\/\\\/www.verleih-frankfurt.de\\\/en\\\/home\\\/\"},{\"@type\":\"ListItem\",\"position\":2,\"name\":\"The company\",\"item\":\"https:\\\/\\\/www.verleih-frankfurt.de\\\/en\\\/the-company\\\/?lang=en\"},{\"@type\":\"ListItem\",\"position\":3,\"name\":\"Jobs\"}]},{\"@type\":\"WebSite\",\"@id\":\"https:\\\/\\\/www.verleih-frankfurt.de\\\/en\\\/#website\",\"url\":\"https:\\\/\\\/www.verleih-frankfurt.de\\\/en\\\/\",\"name\":\"Eventverleih Frankfurt\",\"description\":\"Professioneller Verleih-Service f\u00fcr Ihren Event\",\"publisher\":{\"@id\":\"https:\\\/\\\/www.verleih-frankfurt.de\\\/en\\\/#organization\"},\"potentialAction\":[{\"@type\":\"SearchAction\",\"target\":{\"@type\":\"EntryPoint\",\"urlTemplate\":\"https:\\\/\\\/www.verleih-frankfurt.de\\\/en\\\/?s={search_term_string}\"},\"query-input\":{\"@type\":\"PropertyValueSpecification\",\"valueRequired\":true,\"valueName\":\"search_term_string\"}}],\"inLanguage\":\"en-US\"},{\"@type\":\"Organization\",\"@id\":\"https:\\\/\\\/www.verleih-frankfurt.de\\\/en\\\/#organization\",\"name\":\"Eventverleih Frankfurt\",\"url\":\"https:\\\/\\\/www.verleih-frankfurt.de\\\/en\\\/\",\"logo\":{\"@type\":\"ImageObject\",\"inLanguage\":\"en-US\",\"@id\":\"https:\\\/\\\/www.verleih-frankfurt.de\\\/en\\\/#\\\/schema\\\/logo\\\/image\\\/\",\"url\":\"https:\\\/\\\/www.verleih-frankfurt.de\\\/wp-content\\\/uploads\\\/2021\\\/09\\\/logo-on-bg.svg\",\"contentUrl\":\"https:\\\/\\\/www.verleih-frankfurt.de\\\/wp-content\\\/uploads\\\/2021\\\/09\\\/logo-on-bg.svg\",\"width\":280,\"height\":70,\"caption\":\"Eventverleih Frankfurt\"},\"image\":{\"@id\":\"https:\\\/\\\/www.verleih-frankfurt.de\\\/en\\\/#\\\/schema\\\/logo\\\/image\\\/\"},\"sameAs\":[\"https:\\\/\\\/www.facebook.com\\\/verleihfrankfurt\"]}]}<\/script>\n<!-- \/ Yoast SEO plugin. -->","yoast_head_json":{"title":"Jobs I Are you looking for a new challenge?","description":"Are you looking for a job in the Rhine-Main area? As an event rental and agency, we are a very versatile employer and are always on the lookout for new talent.","robots":{"index":"index","follow":"follow","max-snippet":"max-snippet:-1","max-image-preview":"max-image-preview:large","max-video-preview":"max-video-preview:-1"},"canonical":"https:\/\/www.verleih-frankfurt.de\/en\/the-company\/jobs\/","og_locale":"en_US","og_type":"article","og_title":"Jobs I Are you looking for a new challenge?","og_description":"Are you looking for a job in the Rhine-Main area? As an event rental and agency, we are a very versatile employer and are always on the lookout for new talent.","og_url":"https:\/\/www.verleih-frankfurt.de\/en\/the-company\/jobs\/","og_site_name":"Eventverleih Frankfurt","article_publisher":"https:\/\/www.facebook.com\/verleihfrankfurt","article_modified_time":"2024-06-19T09:41:51+00:00","twitter_card":"summary_large_image","twitter_misc":{"Est. reading time":"3 minutes"},"schema":{"@context":"https:\/\/schema.org","@graph":[{"@type":"WebPage","@id":"https:\/\/www.verleih-frankfurt.de\/en\/the-company\/jobs\/","url":"https:\/\/www.verleih-frankfurt.de\/en\/the-company\/jobs\/","name":"Jobs I Are you looking for a new challenge?","isPartOf":{"@id":"https:\/\/www.verleih-frankfurt.de\/en\/#website"},"datePublished":"2020-01-23T09:32:58+00:00","dateModified":"2024-06-19T09:41:51+00:00","description":"Are you looking for a job in the Rhine-Main area? As an event rental and agency, we are a very versatile employer and are always on the lookout for new talent.","breadcrumb":{"@id":"https:\/\/www.verleih-frankfurt.de\/en\/the-company\/jobs\/#breadcrumb"},"inLanguage":"en-US","potentialAction":[{"@type":"ReadAction","target":["https:\/\/www.verleih-frankfurt.de\/en\/the-company\/jobs\/"]}]},{"@type":"BreadcrumbList","@id":"https:\/\/www.verleih-frankfurt.de\/en\/the-company\/jobs\/#breadcrumb","itemListElement":[{"@type":"ListItem","position":1,"name":"Startseite","item":"https:\/\/www.verleih-frankfurt.de\/en\/home\/"},{"@type":"ListItem","position":2,"name":"The company","item":"https:\/\/www.verleih-frankfurt.de\/en\/the-company\/?lang=en"},{"@type":"ListItem","position":3,"name":"Jobs"}]},{"@type":"WebSite","@id":"https:\/\/www.verleih-frankfurt.de\/en\/#website","url":"https:\/\/www.verleih-frankfurt.de\/en\/","name":"Eventverleih Frankfurt","description":"Professioneller Verleih-Service f\u00fcr Ihren Event","publisher":{"@id":"https:\/\/www.verleih-frankfurt.de\/en\/#organization"},"potentialAction":[{"@type":"SearchAction","target":{"@type":"EntryPoint","urlTemplate":"https:\/\/www.verleih-frankfurt.de\/en\/?s={search_term_string}"},"query-input":{"@type":"PropertyValueSpecification","valueRequired":true,"valueName":"search_term_string"}}],"inLanguage":"en-US"},{"@type":"Organization","@id":"https:\/\/www.verleih-frankfurt.de\/en\/#organization","name":"Eventverleih Frankfurt","url":"https:\/\/www.verleih-frankfurt.de\/en\/","logo":{"@type":"ImageObject","inLanguage":"en-US","@id":"https:\/\/www.verleih-frankfurt.de\/en\/#\/schema\/logo\/image\/","url":"https:\/\/www.verleih-frankfurt.de\/wp-content\/uploads\/2021\/09\/logo-on-bg.svg","contentUrl":"https:\/\/www.verleih-frankfurt.de\/wp-content\/uploads\/2021\/09\/logo-on-bg.svg","width":280,"height":70,"caption":"Eventverleih Frankfurt"},"image":{"@id":"https:\/\/www.verleih-frankfurt.de\/en\/#\/schema\/logo\/image\/"},"sameAs":["https:\/\/www.facebook.com\/verleihfrankfurt"]}]}},"_links":{"self":[{"href":"https:\/\/www.verleih-frankfurt.de\/en\/wp-json\/wp\/v2\/pages\/8448","targetHints":{"allow":["GET"]}}],"collection":[{"href":"https:\/\/www.verleih-frankfurt.de\/en\/wp-json\/wp\/v2\/pages"}],"about":[{"href":"https:\/\/www.verleih-frankfurt.de\/en\/wp-json\/wp\/v2\/types\/page"}],"author":[{"embeddable":true,"href":"https:\/\/www.verleih-frankfurt.de\/en\/wp-json\/wp\/v2\/users\/1"}],"replies":[{"embeddable":true,"href":"https:\/\/www.verleih-frankfurt.de\/en\/wp-json\/wp\/v2\/comments?post=8448"}],"version-history":[{"count":2,"href":"https:\/\/www.verleih-frankfurt.de\/en\/wp-json\/wp\/v2\/pages\/8448\/revisions"}],"predecessor-version":[{"id":8450,"href":"https:\/\/www.verleih-frankfurt.de\/en\/wp-json\/wp\/v2\/pages\/8448\/revisions\/8450"}],"up":[{"embeddable":true,"href":"https:\/\/www.verleih-frankfurt.de\/en\/wp-json\/wp\/v2\/pages\/8474"}],"wp:attachment":[{"href":"https:\/\/www.verleih-frankfurt.de\/en\/wp-json\/wp\/v2\/media?parent=8448"}],"curies":[{"name":"wp","href":"https:\/\/api.w.org\/{rel}","templated":true}]}}